{"id":2161,"date":"2023-10-20T01:39:44","date_gmt":"2023-10-20T01:39:44","guid":{"rendered":"https:\/\/inis.com.co\/?page_id=2161"},"modified":"2023-10-20T01:39:44","modified_gmt":"2023-10-20T01:39:44","slug":"simposio-internacional-en-didactica-infancias-y-ensenanza-de-las-ciencias","status":"publish","type":"page","link":"https:\/\/inis.com.co\/index.php\/redes-y-eventos\/simposio-internacional-en-didactica-infancias-y-ensenanza-de-las-ciencias\/","title":{"rendered":"Simposio internacional en did\u00e1ctica, infancias y ense\u00f1anza de las ciencias"},"content":{"rendered":"[vc_row][vc_column][vc_column_text css=\u00bb.vc_custom_1697764805045{margin-bottom: 0px !important;}\u00bb]\n<h1 style=\"text-align: center;\"><span style=\"color: #ff6600;\"><strong>Simposio internacional en did\u00e1ctica, infancias y ense\u00f1anza de las ciencias<\/strong><\/span><\/h1>\n<p style=\"text-align: center;\"><strong>29, 30 de noviembre y 1 de diciembre de 2023<\/strong><\/p>\n<p style=\"text-align: center;\"><strong>Cartagena de Indias, Colombia.<\/strong><\/p>\n[\/vc_column_text][vc_single_image image=\u00bb2162&#8243; alignment=\u00bbcenter\u00bb style=\u00bbvc_box_shadow_3d\u00bb onclick=\u00bbimg_link_large\u00bb][vc_separator color=\u00bborange\u00bb border_width=\u00bb3&#8243;][mk_fancy_title color=\u00bb#000000&#8243; font_weight=\u00bb500&#8243; font_style=\u00bbnormal\u00bb font_family=\u00bbnone\u00bb]\n<h1 style=\"text-align: center;\"><strong>Justificaci\u00f3n<\/strong><\/h1>\n<p style=\"text-align: center;\"><!--more-->Las transformaciones educativas que se han dado en los \u00faltimos treinta a\u00f1os en Am\u00e9rica Latina y el Caribe han marcado una serie de desaf\u00edos para los maestros, los directivos docentes y los Estados en relaci\u00f3n con la cobertura y la financiaci\u00f3n de la educaci\u00f3n p\u00fablica, los desarrollos y presencia \u2014cada vez m\u00e1s importante\u2026\u00a0 de la educaci\u00f3n privada en los pa\u00edses de la regi\u00f3n. Es notorio el avance en el fortalecimiento de los sistemas educativos latinoamericanos, aspectos como la alfabetizaci\u00f3n y la cobertura en los niveles de educaci\u00f3n preescolar, b\u00e1sica, media y superior; as\u00ed como la transformaci\u00f3n de la profesionalizaci\u00f3n docente van marcando una ruta hacia d\u00f3nde se deben direccionar los procesos de ense\u00f1anza\/aprendizajes, en especial aquellos relacionados con la ense\u00f1anza de las ciencias y formaci\u00f3n de un pensamiento cient\u00edfico, cr\u00edtico y creativo en los ni\u00f1os, ni\u00f1as y adolescentes y el tipo de\u00a0 herramientas pedag\u00f3gicas y did\u00e1cticas que se requieren para conseguir este prop\u00f3sito. De ah\u00ed la importancia de este simposio, que permitir\u00e1 conversar y revisar el actual estado de la investigaci\u00f3n y la reflexi\u00f3n acad\u00e9mica sobre:\u00a01) Investigaci\u00f3n en educaci\u00f3n inicial, b\u00e1sica y media; 2) La ense\u00f1anza de las ciencias en b\u00e1sica media y superior; 3) Los textos y materiales educativos en contextos de innovaci\u00f3n; 4) Formaci\u00f3n de profesores(as); 5) Pol\u00edticas y legislaci\u00f3n educativa en Am\u00e9rica Latina y el Caribe; 6) Filosof\u00eda para ni\u00f1os(as).<\/p>\n[\/mk_fancy_title][\/vc_column][\/vc_row][vc_row][vc_column][vc_separator color=\u00bbblue\u00bb border_width=\u00bb3&#8243; el_width=\u00bb50&#8243;][vc_column_text css=\u00bb.vc_custom_1697762035996{margin-bottom: 0px !important;}\u00bb]\n<h1 style=\"text-align: center;\"><strong>Objetivo<\/strong><\/h1>\n<p style=\"text-align: center;\">Presentar los avances en investigaci\u00f3n y reflexi\u00f3n acad\u00e9mica y pedag\u00f3gica sobre la ense\u00f1anza de las ciencias desde la did\u00e1ctica, la pedag\u00f3gica y los retos que tienen en el actual contexto educativo latinoamericano y del Caribe.<\/p>\n<p>\u00a0[\/vc_column_text][vc_separator color=\u00bborange\u00bb border_width=\u00bb4&#8243; el_width=\u00bb50&#8243;][vc_column_text css=\u00bb.vc_custom_1697762449305{margin-bottom: 0px !important;}\u00bb]\n<h1 style=\"text-align: center;\"><strong>L\u00edneas tem\u00e1ticas <\/strong><\/h1>\n<p>\ud83d\udeb9 Investigaci\u00f3n en educaci\u00f3n inicial, b\u00e1sica y media.<\/p>\n<p>\ud83d\udeb9 Ense\u00f1anza de las ciencias en educaci\u00f3n preescolar, b\u00e1sica y superior.<\/p>\n<p>\ud83d\udeb9 Textos y materiales educativos en contextos de innovaci\u00f3n.<\/p>\n<p>\ud83d\udeb9 Formaci\u00f3n de profesores(as).<\/p>\n<p>\ud83d\udeb9 Pol\u00edticas y legislaci\u00f3n educativa en Am\u00e9rica Latina y el Caribe.<\/p>\n<p>\ud83d\udeb9 Filosof\u00eda para ni\u00f1os(as).<\/p>\n[\/vc_column_text][vc_separator color=\u00bbblue\u00bb border_width=\u00bb4&#8243;][vc_icon icon_fontawesome=\u00bbfar fa-calendar-minus\u00bb color=\u00bborange\u00bb size=\u00bbxl\u00bb align=\u00bbcenter\u00bb][vc_column_text css=\u00bb.vc_custom_1697762687280{margin-bottom: 0px !important;}\u00bb]\n<h1 style=\"text-align: center;\"><strong>Fechas: <\/strong>29, 30 de noviembre y 1 de diciembre.<\/h1>\n[\/vc_column_text][vc_separator color=\u00bbblue\u00bb border_width=\u00bb4&#8243;][vc_column_text css=\u00bb.vc_custom_1697762905511{margin-bottom: 0px !important;}\u00bb]\n<h1 style=\"text-align: center;\"><strong>Modalidades de participaci\u00f3n: Presencial y virtual<\/strong><\/h1>\n[\/vc_column_text][mk_title_box color=\u00bb#dd9933&#8243; highlight_color=\u00bb#ffffff\u00bb size=\u00bb21&#8243; font_family=\u00bbnone\u00bb]\n<h1 style=\"text-align: center;\">\u00a0<strong>Correo electr\u00f3nico<\/strong>: innovacion@inis.com.co<\/h1>\n[\/mk_title_box][vc_separator color=\u00bborange\u00bb border_width=\u00bb4&#8243; el_width=\u00bb50&#8243;][vc_column_text css=\u00bb.vc_custom_1697764974440{margin-bottom: 0px !important;}\u00bb]\n<h1 style=\"text-align: center;\"><span style=\"color: #ff6600;\"><strong>Formas de participaci\u00f3n <\/strong><\/span><\/h1>\n<p style=\"text-align: center;\">Se podr\u00e1n participar en simposio en las siguientes modalidades.<\/p>\n<p style=\"text-align: left;\"><strong>\u2014Conferencias magistrales:<\/strong><\/p>\n<p style=\"text-align: left;\"><strong>\u2014Panelistas<\/strong> en los ejes tem\u00e1ticos del simposio<\/p>\n<p style=\"text-align: left;\"><strong>\u2014Tallerista:<\/strong><\/p>\n<p style=\"text-align: left;\"><strong>\u2014Presentaci\u00f3n de libros<\/strong> en las l\u00edneas tem\u00e1ticas del congreso.<\/p>\n<p style=\"text-align: left;\"><strong>\u2014Asistente<\/strong><\/p>\n<p style=\"text-align: left;\"><strong>\u2014Moderadores<\/strong><\/p>\n[\/vc_column_text][vc_column_text css=\u00bb.vc_custom_1697765111463{margin-bottom: 0px !important;}\u00bb]\n<h1 style=\"text-align: center;\"><strong>Cronograma<\/strong><\/h1>\n<p><strong>Env\u00edo propuestas de conferencias, paneles de expertos, talleristas o autores de libros<\/strong><\/p>\n<p>Hasta el 1 de noviembre de 2023<\/p>\n<p><strong>Aprobaci\u00f3n de propuestas<\/strong><\/p>\n<p>20 de noviembre de 2023<\/p>\n<p>&nbsp;<\/p>\n<p>Los textos propuestos que lleguen al 30 de octubre de 2023 ser\u00e1n publicados en libros.<\/p>\n[\/vc_column_text][vc_column_text css=\u00bb.vc_custom_1697765196379{margin-bottom: 0px !important;}\u00bb]\n<h1><strong>Inversi\u00f3n<\/strong><\/h1>\n<p><strong>Conferencista, tallerista, autor de libros:<\/strong> 50,00 USD (cincuenta d\u00f3lares).<\/p>\n<p><strong>Asistente:<\/strong> 20,00 (veinte d\u00f3lares).<\/p>\n<p><strong>Estudiante de pregrado o educaci\u00f3n media:<\/strong> 15 USD (quince d\u00f3lares)<\/p>\n<p><strong>Participantes virtuales:<\/strong> 15,00 (Quince d\u00f3lares).[\/vc_column_text][vc_separator color=\u00bborange\u00bb border_width=\u00bb4&#8243;][mk_button_gradient size=\u00bblarge\u00bb corner_style=\u00bbrounded\u00bb grandient_color_from=\u00bb#dd9933&#8243; grandient_color_to=\u00bb#dd9933&#8243; grandient_color_style=\u00bbradial\u00bb grandient_color_fallback=\u00bb#000000&#8243; url=\u00bbhttps:\/\/forms.gle\/6cQAibM2K6PtxyBE8&#8243; target=\u00bb_blank\u00bb align=\u00bbcenter\u00bb]Preinscripci\u00f3n[\/mk_button_gradient][vc_separator color=\u00bborange\u00bb border_width=\u00bb4&#8243;][mk_tooltip text=\u00bbCertificaci\u00f3n Todos los participantes del congreso ser\u00e1n certificados en medio digital, seg\u00fan su rol.\u00bb tooltip_text=\u00bbinnovacion@inis.com.co\u00bb href=\u00bbinnovacion@inis.com.co\u00bb][\/vc_column][\/vc_row]\n","protected":false},"excerpt":{"rendered":"<p>[vc_row][vc_column][vc_column_text css=\u00bb.vc_custom_1697764805045{margin-bottom: 0px !important;}\u00bb] Simposio internacional en did\u00e1ctica, infancias y ense\u00f1anza de las ciencias 29, 30 de noviembre y 1 de diciembre de 2023 Cartagena de Indias, Colombia. [\/vc_column_text][vc_single_image image=\u00bb2162&#8243; alignment=\u00bbcenter\u00bb style=\u00bbvc_box_shadow_3d\u00bb onclick=\u00bbimg_link_large\u00bb][vc_separator color=\u00bborange\u00bb border_width=\u00bb3&#8243;][mk_fancy_title color=\u00bb#000000&#8243; font_weight=\u00bb500&#8243; font_style=\u00bbnormal\u00bb font_family=\u00bbnone\u00bb] Justificaci\u00f3n<\/p>\n","protected":false},"author":1,"featured_media":0,"parent":18,"menu_order":3,"comment_status":"closed","ping_status":"closed","template":"","meta":[],"_links":{"self":[{"href":"https:\/\/inis.com.co\/index.php\/wp-json\/wp\/v2\/pages\/2161"}],"collection":[{"href":"https:\/\/inis.com.co\/index.php\/wp-json\/wp\/v2\/pages"}],"about":[{"href":"https:\/\/inis.com.co\/index.php\/wp-json\/wp\/v2\/types\/page"}],"author":[{"embeddable":true,"href":"https:\/\/inis.com.co\/index.php\/wp-json\/wp\/v2\/users\/1"}],"replies":[{"embeddable":true,"href":"https:\/\/inis.com.co\/index.php\/wp-json\/wp\/v2\/comments?post=2161"}],"version-history":[{"count":41,"href":"https:\/\/inis.com.co\/index.php\/wp-json\/wp\/v2\/pages\/2161\/revisions"}],"predecessor-version":[{"id":2203,"href":"https:\/\/inis.com.co\/index.php\/wp-json\/wp\/v2\/pages\/2161\/revisions\/2203"}],"up":[{"embeddable":true,"href":"https:\/\/inis.com.co\/index.php\/wp-json\/wp\/v2\/pages\/18"}],"wp:attachment":[{"href":"https:\/\/inis.com.co\/index.php\/wp-json\/wp\/v2\/media?parent=2161"}],"curies":[{"name":"wp","href":"https:\/\/api.w.org\/{rel}","templated":true}]}}